{"id":7589,"date":"2025-03-31T09:40:29","date_gmt":"2025-03-31T09:40:29","guid":{"rendered":"https:\/\/laimpex.com\/?page_id=7589"},"modified":"2025-07-14T11:51:55","modified_gmt":"2025-07-14T11:51:55","slug":"adatkezelesi-tajekoztato","status":"publish","type":"page","link":"https:\/\/laimpex.com\/index.php\/adatkezelesi-tajekoztato\/","title":{"rendered":"ADATKEZEL\u00c9SI T\u00c1J\u00c9KOZTAT\u00d3"},"content":{"rendered":"\t\t<div data-elementor-type=\"wp-page\" data-elementor-id=\"7589\" class=\"elementor elementor-7589\" data-elementor-settings=\"[]\">\n\t\t\t\t\t\t\t<div class=\"elementor-section-wrap\">\n\t\t\t\t\t\t\t<section class=\"elementor-section elementor-top-section elementor-element elementor-element-izlqmcm elementor-section-content-middle rt-el-parallax-background elementor-section-boxed elementor-section-height-default elementor-section-height-default default-style\" data-id=\"izlqmcm\" data-element_type=\"section\" data-settings=\"{&quot;background_background&quot;:&quot;classic&quot;,&quot;rt_parallax&quot;:&quot;rt-el-parallax-background&quot;,&quot;rt_color_sets&quot;:&quot;default-style&quot;,&quot;rt_bg_parallax_effect&quot;:&quot;3&quot;,&quot;rt_bg_parallax_speed&quot;:&quot;1&quot;}\">\n\t\t\t\t\t\t<div class=\"elementor-container elementor-column-gap-default\">\n\t\t\t\t\t<div class=\"elementor-column elementor-col-100 elementor-top-column elementor-element elementor-element-320d56c\" data-id=\"320d56c\" data-element_type=\"column\">\n\t\t\t<div class=\"elementor-widget-wrap elementor-element-populated\">\n\t\t\t\t\t\t\t\t<div class=\"elementor-element elementor-element-07811c2 elementor-hidden-desktop elementor-widget elementor-widget-wp-widget-polylang\" data-id=\"07811c2\" data-element_type=\"widget\" data-widget_type=\"wp-widget-polylang.default\">\n\t\t\t\t<div class=\"elementor-widget-container\">\n\t\t\t<ul>\n\t<li class=\"lang-item lang-item-31 lang-item-en lang-item-first\"><a lang=\"en-GB\" hreflang=\"en-GB\" href=\"https:\/\/laimpex.com\/index.php\/data-processing-information\/\"><img decoding=\"async\" loading=\"lazy\" src=\"data:image\/png;base64,iVBORw0KGgoAAAANSUhEUgAAABAAAAALCAMAAABBPP0LAAAAt1BMVEWSmb66z+18msdig8La3u+tYX9IaLc7W7BagbmcUW+kqMr\/q6n+\/\/+hsNv\/lIr\/jIGMnNLJyOP9\/fyQttT\/wb3\/\/\/\/\/aWn+YWF5kNT0oqz0i4ueqtIZNJjhvt\/8gn\/\/WVr\/6+rN1+o9RKZwgcMPJpX\/VFT9UEn+RUX8Ozv2Ly+FGzdYZrfU1e\/8LS\/lQkG\/mbVUX60AE231hHtcdMb0mp3qYFTFwNu3w9prcqSURGNDaaIUMX5FNW5wYt7AAAAAjklEQVR4AR3HNUJEMQCGwf+L8RR36ajR+1+CEuvRdd8kK9MNAiRQNgJmVDAt1yM6kSzYVJUsPNssAk5N7ZFKjVNFAY4co6TAOI+kyQm+LFUEBEKKzuWUNB7rSH\/rSnvOulOGk+QlXTBqMIrfYX4tSe2nP3iRa\/KNK7uTmWJ5a9+erZ3d+18od4ytiZdvZyuKWy8o3UpTVAAAAABJRU5ErkJggg==\" alt=\"English\" width=\"16\" height=\"11\" style=\"width: 16px; height: 11px;\" \/><\/a><\/li>\n\t<li class=\"lang-item lang-item-34 lang-item-de no-translation\"><a lang=\"de-DE\" hreflang=\"de-DE\" href=\"https:\/\/laimpex.com\/index.php\/la-impex-kft-german\/\"><img decoding=\"async\" loading=\"lazy\" src=\"data:image\/png;base64,iVBORw0KGgoAAAANSUhEUgAAABAAAAALCAIAAAD5gJpuAAABLElEQVR4AY2QgUZEQRSGz9ydmzbYkBWABBJYABHEFhJ6m0WP0DMEQNIr9AKrN8ne2Tt3Zs7MOdOZmRBEv+v34Tvub9R6fdNlAzU+snSME\/wdjbjbbJ6EiEg6BA8102QbjKNpoMzw8v6qD\/sOALbbT2MC1NgaAWOKOgxf5czY+4dbAX2G\/THzcozLrvPV85IQyqVz0rvg2p9Pei4HjzSsiFbV4JgyhhxCjpGdZ0RhdikLB9\/b8Qig7MkpSovR7Cp59q6CazaNFiTt4J82o6uvdMVwTsztKTXZod4jgOJJuqNAjFyGrBR8gM6XwKfIC4KanBSTZ0rClKh08D9DFh3egW7ebH7NcRDQWrz9rM2Ne+mDOXB2mZJ8agL19nwxR2iZXGm1gDbQKhDjd4yHb2oW\/KR8xHicAAAAAElFTkSuQmCC\" alt=\"Deutsch\" width=\"16\" height=\"11\" style=\"width: 16px; height: 11px;\" \/><\/a><\/li>\n\t<li class=\"lang-item lang-item-38 lang-item-ru no-translation\"><a lang=\"ru-RU\" hreflang=\"ru-RU\" href=\"https:\/\/laimpex.com\/index.php\/la-impex-kft-rus\/\"><img decoding=\"async\" loading=\"lazy\" src=\"data:image\/png;base64,iVBORw0KGgoAAAANSUhEUgAAABAAAAALCAMAAABBPP0LAAAAdVBMVEX19f\/u7vjm5\/H+\/v75+fng4Ove3ulFRfyysv6cnP6QkPmIiPh\/f\/YAAOYAAP1ycv5QUP06OvkxMfcoKPcgIPYUFPS0AADdaYzTRG\/RPGnOM2LKLFzIIVPCEUZ7AAD0AQH7YGH3ODj0JyfzERDgAAD4TU3pAABIfLuPAAAAT0lEQVR4AQXBAQqDMAAAsZytyHzA\/v9LYRS7JIAQMkBb0ATsgLoKInnHvIrHrdRaBzxupTDxuFUifUsp4R3zU4iwzmOyT1ibBtP2u3C+wB+SHBB5JNY7DAAAAABJRU5ErkJggg==\" alt=\"\u0420\u0443\u0441\u0441\u043a\u0438\u0439\" width=\"16\" height=\"11\" style=\"width: 16px; height: 11px;\" \/><\/a><\/li>\n<\/ul>\n\t\t<\/div>\n\t\t\t\t<\/div>\n\t\t\t\t\t<\/div>\n\t\t<\/div>\n\t\t\t\t\t\t\t<\/div>\n\t\t<\/section>\n\t\t\t\t<section class=\"elementor-section elementor-top-section elementor-element elementor-element-a107762 elementor-section-boxed elementor-section-height-default elementor-section-height-default default-style\" data-id=\"a107762\" data-element_type=\"section\" data-settings=\"{&quot;rt_color_sets&quot;:&quot;default-style&quot;}\">\n\t\t\t\t\t\t<div class=\"elementor-container elementor-column-gap-default\">\n\t\t\t\t\t<div class=\"elementor-column elementor-col-100 elementor-top-column elementor-element elementor-element-75c972d\" data-id=\"75c972d\" data-element_type=\"column\">\n\t\t\t<div class=\"elementor-widget-wrap elementor-element-populated\">\n\t\t\t\t\t\t\t\t<div class=\"elementor-element elementor-element-f65d6ee elementor-widget elementor-widget-spacer\" data-id=\"f65d6ee\" data-element_type=\"widget\" data-widget_type=\"spacer.default\">\n\t\t\t\t<div class=\"elementor-widget-container\">\n\t\t\t\t\t<div class=\"elementor-spacer\">\n\t\t\t<div class=\"elementor-spacer-inner\"><\/div>\n\t\t<\/div>\n\t\t\t\t<\/div>\n\t\t\t\t<\/div>\n\t\t\t\t<div class=\"elementor-element elementor-element-a741664 elementor-widget elementor-widget-heading\" data-id=\"a741664\" data-element_type=\"widget\" data-widget_type=\"heading.default\">\n\t\t\t\t<div class=\"elementor-widget-container\">\n\t\t\t<style>\/*! elementor - v3.5.6 - 28-02-2022 *\/\n.elementor-heading-title{padding:0;margin:0;line-height:1}.elementor-widget-heading .elementor-heading-title[class*=elementor-size-]>a{color:inherit;font-size:inherit;line-height:inherit}.elementor-widget-heading .elementor-heading-title.elementor-size-small{font-size:15px}.elementor-widget-heading .elementor-heading-title.elementor-size-medium{font-size:19px}.elementor-widget-heading .elementor-heading-title.elementor-size-large{font-size:29px}.elementor-widget-heading .elementor-heading-title.elementor-size-xl{font-size:39px}.elementor-widget-heading .elementor-heading-title.elementor-size-xxl{font-size:59px}<\/style><h2 class=\"elementor-heading-title elementor-size-default\">Adatkezel\u00e9si t\u00e1j\u00e9koztat\u00f3<\/h2>\t\t<\/div>\n\t\t\t\t<\/div>\n\t\t\t\t<section class=\"elementor-section elementor-inner-section elementor-element elementor-element-0e4af71 elementor-section-boxed elementor-section-height-default elementor-section-height-default default-style\" data-id=\"0e4af71\" data-element_type=\"section\" data-settings=\"{&quot;rt_color_sets&quot;:&quot;default-style&quot;}\">\n\t\t\t\t\t\t<div class=\"elementor-container elementor-column-gap-default\">\n\t\t\t\t\t<div class=\"elementor-column elementor-col-100 elementor-inner-column elementor-element elementor-element-d6c7950\" data-id=\"d6c7950\" data-element_type=\"column\">\n\t\t\t<div class=\"elementor-widget-wrap elementor-element-populated\">\n\t\t\t\t\t\t\t\t<div class=\"elementor-element elementor-element-29d0762 elementor-widget elementor-widget-rt-heading\" data-id=\"29d0762\" data-element_type=\"widget\" data-widget_type=\"rt-heading.default\">\n\t\t\t\t<div class=\"elementor-widget-container\">\n\t\t\t<div class=\"rt-heading-wrapper style-2\">\n\t\t\t\t\t\t<H4 class=\"rt-heading style-2\" >1. A SZAB\u00c1LYZAT C\u00c9LJA<\/H4>\n\t\t\t\t\t<\/div>\t\t<\/div>\n\t\t\t\t<\/div>\n\t\t\t\t<div class=\"elementor-element elementor-element-b9e1ce3 elementor-widget elementor-widget-text-editor\" data-id=\"b9e1ce3\" data-element_type=\"widget\" data-widget_type=\"text-editor.default\">\n\t\t\t\t<div class=\"elementor-widget-container\">\n\t\t\t<style>\/*! elementor - v3.5.6 - 28-02-2022 *\/\n.elementor-widget-text-editor.elementor-drop-cap-view-stacked .elementor-drop-cap{background-color:#818a91;color:#fff}.elementor-widget-text-editor.elementor-drop-cap-view-framed .elementor-drop-cap{color:#818a91;border:3px solid;background-color:transparent}.elementor-widget-text-editor:not(.elementor-drop-cap-view-default) .elementor-drop-cap{margin-top:8px}.elementor-widget-text-editor:not(.elementor-drop-cap-view-default) .elementor-drop-cap-letter{width:1em;height:1em}.elementor-widget-text-editor .elementor-drop-cap{float:left;text-align:center;line-height:1;font-size:50px}.elementor-widget-text-editor .elementor-drop-cap-letter{display:inline-block}<\/style>\t\t\t\t<p style=\"font-weight: 400;\">A jelen Szab\u00e1lyzat r\u00f6gz\u00edti a LA-IMPEX Kft. (sz\u00e9khely: 2000 Szentendre, D\u00f3zsa Gy\u00f6rgy \u00fat 47., c\u00e9gjegyz\u00e9ksz\u00e1m: 13-09-163426, nyilv\u00e1ntart\u00f3 hat\u00f3s\u00e1g: F\u0151v\u00e1rosi B\u00edr\u00f3s\u00e1g mint c\u00e9gb\u00edr\u00f3s\u00e1g, ad\u00f3sz\u00e1m: 24306331-2-13) \u00e1ltal alkalmazott adatv\u00e9delmi \u00e9s adatkezel\u00e9si elveket \u00e9s a LA-IMPEX Kft. adatv\u00e9delmi \u00e9s adatkezel\u00e9si politik\u00e1j\u00e1t.<\/p><p style=\"font-weight: 400;\">A LA-IMPEX Kft. (a tov\u00e1bbiakban: Szolg\u00e1ltat\u00f3) a <strong>www.laimpex.com<\/strong> weboldal (a tov\u00e1bbiakban: Weboldal) m\u0171k\u00f6dtet\u00e9se sor\u00e1n a Honlapra l\u00e1togat\u00f3k, a Honlapon regisztr\u00e1l\u00f3k, Szolg\u00e1ltat\u00e1st megrendel\u0151k (a tov\u00e1bbiakban egy\u00fcttesen \u00c9rintett) adatait kezeli.<\/p><p style=\"font-weight: 400;\">A jelen Szab\u00e1lyzat c\u00e9lja, hogy a Szolg\u00e1ltat\u00f3 \u00e1ltal ny\u00fajtott szolg\u00e1ltat\u00e1sok minden ter\u00fclet\u00e9n, minden egy\u00e9n sz\u00e1m\u00e1ra, tekintet n\u00e9lk\u00fcl nemzetis\u00e9g\u00e9re vagy lak\u00f3hely\u00e9re, biztos\u00edtva legyen, hogy jogait \u00e9s alapvet\u0151 szabads\u00e1gjogait, k\u00fcl\u00f6n\u00f6sen a mag\u00e1n\u00e9lethez val\u00f3 jog\u00e1t tiszteletben tarts\u00e1k a szem\u00e9lyes adatainak g\u00e9pi feldolgoz\u00e1sa sor\u00e1n (adatv\u00e9delem).<\/p>\t\t\t\t\t\t<\/div>\n\t\t\t\t<\/div>\n\t\t\t\t\t<\/div>\n\t\t<\/div>\n\t\t\t\t\t\t\t<\/div>\n\t\t<\/section>\n\t\t\t\t<section class=\"elementor-section elementor-inner-section elementor-element elementor-element-6a5fea6 elementor-section-boxed elementor-section-height-default elementor-section-height-default default-style\" data-id=\"6a5fea6\" data-element_type=\"section\" data-settings=\"{&quot;rt_color_sets&quot;:&quot;default-style&quot;}\">\n\t\t\t\t\t\t<div class=\"elementor-container elementor-column-gap-default\">\n\t\t\t\t\t<div class=\"elementor-column elementor-col-100 elementor-inner-column elementor-element elementor-element-c34ab62\" data-id=\"c34ab62\" data-element_type=\"column\">\n\t\t\t<div class=\"elementor-widget-wrap elementor-element-populated\">\n\t\t\t\t\t\t\t\t<div class=\"elementor-element elementor-element-4776e3d elementor-widget elementor-widget-rt-heading\" data-id=\"4776e3d\" data-element_type=\"widget\" data-widget_type=\"rt-heading.default\">\n\t\t\t\t<div class=\"elementor-widget-container\">\n\t\t\t<div class=\"rt-heading-wrapper style-2\">\n\t\t\t\t\t\t<H4 class=\"rt-heading style-2\" >2. A SZOLG\u00c1LTAT\u00d3 MINT ADATKEZEL\u0150 MEGNEVEZ\u00c9SE<\/H4>\n\t\t\t\t\t<\/div>\t\t<\/div>\n\t\t\t\t<\/div>\n\t\t\t\t<div class=\"elementor-element elementor-element-5e33e2d elementor-widget elementor-widget-text-editor\" data-id=\"5e33e2d\" data-element_type=\"widget\" data-widget_type=\"text-editor.default\">\n\t\t\t\t<div class=\"elementor-widget-container\">\n\t\t\t\t\t\t\t<p style=\"font-weight: 400;\"><strong>N\u00e9v:\u00a0<\/strong>LA-IMPEX Kft.<\/p><p style=\"font-weight: 400;\"><strong>Sz\u00e9khely \u00e9s levelez\u00e9si c\u00edm:<\/strong>\u00a02000 Szentendre, D\u00f3zsa Gy\u00f6rgy \u00fat 47.<\/p><p style=\"font-weight: 400;\"><strong>Telefonsz\u00e1m:<\/strong>\u00a0+36-26\/525-286<\/p><p style=\"font-weight: 400;\"><strong>Email c\u00edm: <\/strong>info\u00a0[kukac]\u00a0la-impex.hu<\/p><p style=\"font-weight: 400;\"><strong>Adatkezel\u00e9si nyilv\u00e1ntart\u00e1si sz\u00e1m:<\/strong>\u00a0NAIH-122362\/2017.<\/p><p style=\"font-weight: 400;\">\u00a0<\/p><p style=\"font-weight: 400;\">Az adatkezel\u00e9s alapj\u00e1ul szolg\u00e1l\u00f3 jogszab\u00e1lyok<\/p><p style=\"font-weight: 400;\">Az Adatkezel\u0151 \u00e1ltal v\u00e9gzett adatkezel\u00e9sre az al\u00e1bbi jogszab\u00e1lyok vonatkoznak:<\/p><p style=\"font-weight: 400;\">\u2212 Az Eur\u00f3pai Parlament \u00e9s a Tan\u00e1cs (EU) 2016\/679 rendelete (2016. \u00e1prilis 27.) a term\u00e9szetes szem\u00e9lyeknek a szem\u00e9lyes adatok kezel\u00e9se tekintet\u00e9ben t\u00f6rt\u00e9n\u0151 v\u00e9delm\u00e9r\u0151l \u00e9s az ilyen adatok szabad \u00e1raml\u00e1s\u00e1r\u00f3l, valamint a 95\/46\/EK rendelet hat\u00e1lyon k\u00edv\u00fcl helyez\u00e9s\u00e9r\u0151l.<\/p><p style=\"font-weight: 400;\">\u2212 Az inform\u00e1ci\u00f3s \u00f6nrendelkez\u00e9si jogr\u00f3l \u00e9s az inform\u00e1ci\u00f3szabads\u00e1gr\u00f3l sz\u00f3l\u00f3 2011. \u00e9vi CXII. t\u00f6rv\u00e9ny (\u201eadatv\u00e9delmi t\u00f6rv\u00e9ny\u201d).<\/p><p style=\"font-weight: 400;\">A jogszab\u00e1lyok megtekinthet\u0151k a Nemzeti Adatv\u00e9delmi \u00e9s Inform\u00e1ci\u00f3szabads\u00e1g Hat\u00f3s\u00e1g honlapj\u00e1n: <a href=\"https:\/\/naih.hu\/\">https:\/\/naih.hu\/<\/a><\/p>\t\t\t\t\t\t<\/div>\n\t\t\t\t<\/div>\n\t\t\t\t\t<\/div>\n\t\t<\/div>\n\t\t\t\t\t\t\t<\/div>\n\t\t<\/section>\n\t\t\t\t<section class=\"elementor-section elementor-inner-section elementor-element elementor-element-7335a85 elementor-section-boxed elementor-section-height-default elementor-section-height-default default-style\" data-id=\"7335a85\" data-element_type=\"section\" data-settings=\"{&quot;rt_color_sets&quot;:&quot;default-style&quot;}\">\n\t\t\t\t\t\t<div class=\"elementor-container elementor-column-gap-default\">\n\t\t\t\t\t<div class=\"elementor-column elementor-col-100 elementor-inner-column elementor-element elementor-element-d699b18\" data-id=\"d699b18\" data-element_type=\"column\">\n\t\t\t<div class=\"elementor-widget-wrap elementor-element-populated\">\n\t\t\t\t\t\t\t\t<div class=\"elementor-element elementor-element-14f57e1 elementor-widget elementor-widget-rt-heading\" data-id=\"14f57e1\" data-element_type=\"widget\" data-widget_type=\"rt-heading.default\">\n\t\t\t\t<div class=\"elementor-widget-container\">\n\t\t\t<div class=\"rt-heading-wrapper style-2\">\n\t\t\t\t\t\t<H4 class=\"rt-heading style-2\" >3. FOGALOM MEGHAT\u00c1ROZ\u00c1SOK<\/H4>\n\t\t\t\t\t<\/div>\t\t<\/div>\n\t\t\t\t<\/div>\n\t\t\t\t<div class=\"elementor-element elementor-element-f7eca12 elementor-widget elementor-widget-text-editor\" data-id=\"f7eca12\" data-element_type=\"widget\" data-widget_type=\"text-editor.default\">\n\t\t\t\t<div class=\"elementor-widget-container\">\n\t\t\t\t\t\t\t<p style=\"font-weight: 400;\"><strong>Szem\u00e9lyes adat:<\/strong>\u00a0a meghat\u00e1rozott term\u00e9szetes szem\u00e9llyel (a tov\u00e1bbiakban: \u00e9rintett) kapcsolatba hozhat\u00f3 adat, k\u00fcl\u00f6n\u00f6sen az \u00e9rintett neve, azonos\u00edt\u00f3 jele, valamint egy vagy t\u00f6bb fizikai, fiziol\u00f3giai, ment\u00e1lis, gazdas\u00e1gi, kultur\u00e1lis vagy szoci\u00e1lis azonoss\u00e1g\u00e1ra jellemz\u0151 ismeret az adatb\u00f3l levonhat\u00f3, az \u00e9rintettre vonatkoz\u00f3 k\u00f6vetkeztet\u00e9s. A Szem\u00e9lyes adat az adatkezel\u00e9s sor\u00e1n mindaddig meg\u0151rzi e min\u0151s\u00e9g\u00e9t, am\u00edg kapcsolata az \u00e9rintettel helyre\u00e1ll\u00edthat\u00f3; <br \/><strong>Adat\u00e1llom\u00e1ny:<\/strong>az egy nyilv\u00e1ntart\u00e1sban kezelt adatok \u00f6sszess\u00e9ge; <br \/><strong>Adatkezel\u00e9s:<\/strong>\u00a0az alkalmazott elj\u00e1r\u00e1st\u00f3l f\u00fcggetlen\u00fcl az adatokon v\u00e9gzett b\u00e1rmely m\u0171velet vagy a m\u0171veletek \u00f6sszess\u00e9ge, \u00edgy k\u00fcl\u00f6n\u00f6sen a szem\u00e9lyes adatok gy\u0171jt\u00e9se, felv\u00e9tele, r\u00f6gz\u00edt\u00e9se, rendszerez\u00e9se, t\u00e1rol\u00e1sa, megv\u00e1ltoztat\u00e1sa, felhaszn\u00e1l\u00e1sa, lek\u00e9rdez\u00e9se, tov\u00e1bb\u00edt\u00e1sa, nyilv\u00e1noss\u00e1gra hozatala, \u00f6sszehangol\u00e1sa vagy \u00f6sszekapcsol\u00e1sa, z\u00e1rol\u00e1sa, t\u00f6rl\u00e9se \u00e9s megsemmis\u00edt\u00e9se, valamint az adatok tov\u00e1bbi felhaszn\u00e1l\u00e1s\u00e1nak megakad\u00e1lyoz\u00e1sa; <br \/><strong>Adatkezel\u0151:<\/strong><br \/>a) a LA-IMPEX Kft. <br \/><strong>Adatfeldolgoz\u00e1s:<\/strong>\u00a0az adatkezel\u00e9si m\u0171veletekhez kapcsol\u00f3d\u00f3 technikai feladatok elv\u00e9gz\u00e9se, f\u00fcggetlen\u00fcl a m\u0171veletek v\u00e9grehajt\u00e1s\u00e1hoz alkalmazott m\u00f3dszert\u0151l \u00e9s eszk\u00f6zt\u0151l, valamint az alkalmaz\u00e1s hely\u00e9t\u0151l, felt\u00e9ve, hogy a technikai feladatot az adatokon elv\u00e9gzik; <br \/><strong>Adatmegsemmis\u00edt\u00e9s:<\/strong>az adatokat tartalmaz\u00f3 adathordoz\u00f3 teljes fizikai megsemmis\u00edt\u00e9se; <br \/><strong>Adattov\u00e1bb\u00edt\u00e1s:<\/strong>\u00a0 a Szem\u00e9lyes adatot meghat\u00e1rozott harmadik szem\u00e9ly sz\u00e1m\u00e1ra hozz\u00e1f\u00e9rhet\u0151v\u00e9 t\u00e9tele; <br \/><strong>Adatfeldolgoz\u00f3:<\/strong>\u00a0az a term\u00e9szetes vagy jogi szem\u00e9ly, illetve jogi szem\u00e9lyis\u00e9ggel nem rendelkez\u0151 szervezet, aki vagy amely az adatkezel\u0151 megb\u00edz\u00e1s\u00e1b\u00f3l szem\u00e9lyes adatok feldolgoz\u00e1s\u00e1t v\u00e9gzi; <br \/><strong>Adatt\u00f6rl\u00e9s:<\/strong>\u00a0az adatok felismerhetetlenn\u00e9 t\u00e9tele oly m\u00f3don, hogy a helyre\u00e1ll\u00edt\u00e1suk nem lehets\u00e9ges; <br \/><strong>Automatiz\u00e1lt adat\u00e1llom\u00e1ny:<\/strong>\u00a0automatikus feldolgoz\u00e1sra ker\u00fcl\u0151 adatok sora; <br \/><strong>G\u00e9pi feldolgoz\u00e1s:<\/strong>\u00a0a k\u00f6vetkez\u0151 m\u0171veleteket tartalmazza, ha azokat r\u00e9szben vagy eg\u00e9szben automatiz\u00e1lt eszk\u00f6z\u00f6kkel hajtj\u00e1k v\u00e9gre: az adatok t\u00e1rol\u00e1sa, az adatokkal v\u00e9gzett logikai vagy aritmetikai m\u0171veletek, az adatok megv\u00e1ltoztat\u00e1sa, t\u00f6rl\u00e9se, visszakeres\u00e9se \u00e9s terjeszt\u00e9se; <br \/><strong>Felhaszn\u00e1l\u00f3: <\/strong>az a term\u00e9szetes szem\u00e9ly, aki a LA-IMPEX Kft. honlapj\u00e1n (<strong>www.laimpex.com<\/strong>) regisztr\u00e1l. <br \/><strong>Nyilv\u00e1noss\u00e1gra hozatal:<\/strong>\u00a0 a Szem\u00e9lyes adatot b\u00e1rki sz\u00e1m\u00e1ra t\u00f6rt\u00e9n\u0151 hozz\u00e1f\u00e9rhet\u0151v\u00e9 t\u00e9tele;<\/p>\t\t\t\t\t\t<\/div>\n\t\t\t\t<\/div>\n\t\t\t\t\t<\/div>\n\t\t<\/div>\n\t\t\t\t\t\t\t<\/div>\n\t\t<\/section>\n\t\t\t\t<section class=\"elementor-section elementor-inner-section elementor-element elementor-element-993509a elementor-section-boxed elementor-section-height-default elementor-section-height-default default-style\" data-id=\"993509a\" data-element_type=\"section\" data-settings=\"{&quot;rt_color_sets&quot;:&quot;default-style&quot;}\">\n\t\t\t\t\t\t<div class=\"elementor-container elementor-column-gap-default\">\n\t\t\t\t\t<div class=\"elementor-column elementor-col-100 elementor-inner-column elementor-element elementor-element-ab8239c\" data-id=\"ab8239c\" data-element_type=\"column\">\n\t\t\t<div class=\"elementor-widget-wrap elementor-element-populated\">\n\t\t\t\t\t\t\t\t<div class=\"elementor-element elementor-element-16c5d6b elementor-widget elementor-widget-rt-heading\" data-id=\"16c5d6b\" data-element_type=\"widget\" data-widget_type=\"rt-heading.default\">\n\t\t\t\t<div class=\"elementor-widget-container\">\n\t\t\t<div class=\"rt-heading-wrapper style-2\">\n\t\t\t\t\t\t<H4 class=\"rt-heading style-2\" >4. A KEZELT SZEM\u00c9LYES ADATOK K\u00d6RE<\/H4>\n\t\t\t\t\t<\/div>\t\t<\/div>\n\t\t\t\t<\/div>\n\t\t\t\t<div class=\"elementor-element elementor-element-5be3bbd elementor-widget elementor-widget-text-editor\" data-id=\"5be3bbd\" data-element_type=\"widget\" data-widget_type=\"text-editor.default\">\n\t\t\t\t<div class=\"elementor-widget-container\">\n\t\t\t\t\t\t\t<p style=\"font-weight: 400;\"><strong>4.1.<\/strong>\u00a0Regisztr\u00e1ci\u00f3. A regisztr\u00e1ci\u00f3 sor\u00e1n az \u00c9rintettnek k\u00f6telez\u0151en meg kell adnia a k\u00f6vetkez\u0151 szem\u00e9lyes adatokat:<\/p><ul style=\"font-weight: 400;\"><li>n\u00e9v,<\/li><li>c\u00e9gn\u00e9v,<\/li><li>orsz\u00e1g,<\/li><li>e-mail c\u00edm,<\/li><li>webhely c\u00edm.<\/li><\/ul><p style=\"font-weight: 400;\"><strong>4.2. Technikai adatok<\/strong><\/p><p style=\"font-weight: 400;\">A rendszer m\u0171k\u00f6dtet\u00e9se sor\u00e1n technikailag r\u00f6gz\u00edt\u00e9sre ker\u00fcl\u0151 adatok: az \u00c9rintett bejelentkez\u0151 sz\u00e1m\u00edt\u00f3g\u00e9p\u00e9nek azon adatai, melyek a szolg\u00e1ltat\u00e1s ig\u00e9nybe v\u00e9tele sor\u00e1n gener\u00e1l\u00f3dnak \u00e9s melyeket a Szolg\u00e1ltat\u00f3 rendszere a technikai folyamatok automatikus eredm\u00e9nyek\u00e9nt r\u00f6gz\u00edt. Az automatikusan r\u00f6gz\u00edt\u00e9sre ker\u00fcl\u0151 adatokat a rendszer az \u00c9rintett k\u00fcl\u00f6n nyilatkozata vagy cselekm\u00e9nye n\u00e9lk\u00fcl a bel\u00e9p\u00e9skor, illetve kil\u00e9p\u00e9skor automatikusan napl\u00f3zza. Ezen adatok egy\u00e9b szem\u00e9lyes felhaszn\u00e1l\u00f3i adatokkal &#8211; t\u00f6rv\u00e9ny \u00e1ltal k\u00f6telez\u0151v\u00e9 tett esetek kiv\u00e9tel\u00e9vel &#8211; \u00f6ssze nem kapcsolhat\u00f3k. Az adatokhoz kiz\u00e1r\u00f3lag a Szolg\u00e1ltat\u00f3 f\u00e9r hozz\u00e1.\u00a0<\/p><p style=\"font-weight: 400;\"><strong>4.3. Cookie<\/strong><\/p><p style=\"font-weight: 400;\">A Weboldalon tett l\u00e1togat\u00e1sok sor\u00e1n egy vagy t\u00f6bb cookie-t \u2013 azaz egy-egy karaktersorozatot tartalmaz\u00f3 kis f\u00e1jlt \u2013 k\u00fcld a Szolg\u00e1ltat\u00f3 a l\u00e1togat\u00f3 sz\u00e1m\u00edt\u00f3g\u00e9p\u00e9re, amely(ek) r\u00e9v\u00e9n annak b\u00f6ng\u00e9sz\u0151je egyedileg azonos\u00edthat\u00f3 lesz. Ezen cookie-k a Google \u00e1ltal biztos\u00edtottak, felhaszn\u00e1l\u00e1suk a Google Adwords rendszer\u00e9n kereszt\u00fcl t\u00f6rt\u00e9nik. Ezeket a cookie-kat csak egyes aloldalak l\u00e1togat\u00e1sa eset\u00e9n k\u00fcldj\u00fck el a l\u00e1togat\u00f3 sz\u00e1m\u00edt\u00f3g\u00e9p\u00e9re, teh\u00e1t ezekben csak az adott aloldal megl\u00e1togat\u00e1s\u00e1nak t\u00e9ny\u00e9t \u00e9s idej\u00e9t t\u00e1roljuk, semmilyen m\u00e1s inform\u00e1ci\u00f3t nem.<\/p><p style=\"font-weight: 400;\">Az \u00edgy elk\u00fcld\u00f6tt cookie-k felhaszn\u00e1l\u00e1sa a k\u00f6vetkez\u0151: A k\u00fcls\u0151 szolg\u00e1ltat\u00f3k, k\u00f6z\u00f6tt\u00fck a Google, ezen cookie-k seg\u00edts\u00e9g\u00e9vel t\u00e1rolj\u00e1k, ha az \u00c9rintett kor\u00e1bban m\u00e1r l\u00e1togat\u00e1st tett a hirdet\u0151 webhely\u00e9n, \u00e9s ez alapj\u00e1n hirdet\u00e9seket jelen\u00edtenek meg az \u00c9rintett r\u00e9sz\u00e9re k\u00fcls\u0151 szolg\u00e1ltat\u00f3k &#8211; k\u00f6z\u00f6tt\u00fck a Google &#8211; partnereinek internetes webhelyein. Az \u00c9rintett a Google hirdet\u00e9sek kikapcsol\u00e1s\u00e1ra szolg\u00e1l\u00f3 oldalon tilthatj\u00e1k le a Google cookie-jait. (Azt is jelezheti az \u00c9rintett sz\u00e1m\u00e1ra, hogy a Network Network Advertising Initiative leiratkoz\u00e1si oldal\u00e1n a k\u00fcls\u0151 szolg\u00e1ltat\u00f3k cookie-jait is letilthatj\u00e1k.)\u00a0<\/p><p style=\"font-weight: 400;\">A letilt\u00e1st k\u00f6vet\u0151en a sz\u00e1mukra nem fognak megjelenni szem\u00e9lyre szabott aj\u00e1nlatok a Szolg\u00e1ltat\u00f3t\u00f3l.<\/p><p style=\"font-weight: 400;\">\u00a0Alkalmazott cookie-k:<\/p><ul style=\"font-weight: 400;\"><li>\u00c1tmeneti (session) cookie: a session cookie-k az \u00c9rintett l\u00e1togat\u00e1sa ut\u00e1n automatikusan t\u00f6rl\u0151dnek. Ezek a cookie-k arra szolg\u00e1lnak, hogy a Szolg\u00e1ltat\u00f3 Honlapja hat\u00e9konyabban \u00e9s biztons\u00e1gosabban tudjon m\u0171k\u00f6dni, teh\u00e1t elengedhetetlenek ahhoz, hogy a Honlap egyes funkci\u00f3i vagy egyes alkalmaz\u00e1sok megfelel\u0151en tudjanak m\u0171k\u00f6dni.<\/li><li>\u00c1lland\u00f3 (persistent) cookie: \u00e1lland\u00f3 cookie-t is haszn\u00e1l a Szolg\u00e1ltat\u00f3 a jobb felhaszn\u00e1l\u00f3i \u00e9lm\u00e9ny \u00e9rdek\u00e9ben (pl. optimaliz\u00e1lt navig\u00e1ci\u00f3 ny\u00fajt\u00e1sa). Ezek a cookie-k hosszabb ideig ker\u00fclnek t\u00e1rol\u00e1sra a b\u00f6ng\u00e9sz\u0151 cookie file-j\u00e1ban. Ennek id\u0151tartama att\u00f3l f\u00fcgg, hogy az \u00c9rintett az internetes b\u00f6ng\u00e9sz\u0151j\u00e9ben milyen be\u00e1ll\u00edt\u00e1st alkalmaz.<\/li><li>Jelsz\u00f3val v\u00e9dett munkamenethez haszn\u00e1lt cookie.<\/li><li>Biztons\u00e1gi cookie.<\/li><\/ul><p style=\"font-weight: 400;\">K\u00fcls\u0151 szerverek seg\u00edtik a Honlap l\u00e1togatotts\u00e1gi \u00e9s egy\u00e9b webanalitikai adatainak f\u00fcggetlen m\u00e9r\u00e9s\u00e9t \u00e9s audit\u00e1l\u00e1s\u00e1t (Google Analytics). A m\u00e9r\u00e9si adatok kezel\u00e9s\u00e9r\u0151l az adatkezel\u0151k tudnak r\u00e9szletes felvil\u00e1gos\u00edt\u00e1st ny\u00fajtani az \u00c9rintett r\u00e9sz\u00e9re.<\/p><p style=\"font-weight: 400;\">El\u00e9rhet\u0151s\u00e9g\u00fck:\u00a0<a href=\"http:\/\/www.google.com\/analytics\">www.google.com\/analytics<\/a><\/p><p style=\"font-weight: 400;\">Amennyiben az \u00c9rintett nem szeretn\u00e9, hogy a Google Analytics a fenti adatokat az ismertetett m\u00f3don \u00e9s c\u00e9llal m\u00e9rje, telep\u00edtse b\u00f6ng\u00e9sz\u0151j\u00e9be az ezt blokkol\u00f3 kieg\u00e9sz\u00edt\u0151t.<\/p><p style=\"font-weight: 400;\">\u00a0A legt\u00f6bb b\u00f6ng\u00e9sz\u0151 men\u00fcsor\u00e1ban tal\u00e1lhat\u00f3 \u201eSeg\u00edts\u00e9g\u201d funkci\u00f3 t\u00e1j\u00e9koztat\u00e1st ny\u00fajt arra vonatkoz\u00f3an, hogy a b\u00f6ng\u00e9sz\u0151ben<\/p><ul style=\"font-weight: 400;\"><li>hogyan lehet letiltani a cookie-kat,<\/li><li>hogyan fogadjon el \u00faj cookie-kat, vagy<\/li><li>hogyan adjon utas\u00edt\u00e1st b\u00f6ng\u00e9sz\u0151j\u00e9nek arra, hogy \u00faj cookie-t \u00e1ll\u00edtson be, vagy<\/li><li>hogyan kapcsoljon ki egy\u00e9b cookie-kat.<\/li><\/ul><p style=\"font-weight: 400;\"><strong>4.4. Rendel\u00e9ssel kapcsolatos \u00e1ltal\u00e1nos adatkezel\u00e9s<\/strong><\/p><p style=\"font-weight: 400;\">Megrendel\u00e9s. A megrendel\u00e9s sor\u00e1n az \u00c9rintettnek k\u00f6telez\u0151en meg kell adnia a k\u00f6vetkez\u0151 szem\u00e9lyes adatokat:<\/p><ul style=\"font-weight: 400;\"><li>n\u00e9v,<\/li><li>c\u00e9gn\u00e9v,<\/li><li>e-mail c\u00edm,<\/li><li>sz\u00e1ml\u00e1z\u00e1si c\u00edm (sz\u00e1ml\u00e1z\u00e1si n\u00e9v, utcan\u00e9v, h\u00e1zsz\u00e1m, telep\u00fcl\u00e9s, ir\u00e1ny\u00edt\u00f3sz\u00e1m, orsz\u00e1g),<\/li><li>telefonsz\u00e1m, mobilsz\u00e1m<\/li><li>c\u00e9g eset\u00e9n ad\u00f3sz\u00e1m<\/li><\/ul><p style=\"font-weight: 400;\">Az Info. tv. rendelkez\u00e9sei \u00e9rtelm\u00e9ben az \u00e9rintett k\u00e9rheti a Szolg\u00e1ltat\u00f3t\u00f3l a jelen pontban r\u00f6gz\u00edtett szem\u00e9lyes adat\u00e1nak t\u00f6rl\u00e9s\u00e9t.<\/p><p style=\"font-weight: 400;\"><strong>4.5. H\u00edrlev\u00e9llel kapcsolatos adatkezel\u00e9s<\/strong><\/p><p style=\"font-weight: 400;\">A\u00a0<strong>www.laimpex.com<\/strong>\u00a0oldalon h\u00edrlev\u00e9lre t\u00f6rt\u00e9n\u0151 feliratkoz\u00e1sra van lehet\u0151s\u00e9g. A lehet\u0151s\u00e9g ig\u00e9nybev\u00e9tel\u00e9vel kapcsolatosan a h\u00edrlev\u00e9lre feliratkoz\u00f3 felhaszn\u00e1l\u00f3 \u00f6nk\u00e9ntes adatszolg\u00e1ltat\u00e1s keret\u00e9ben a lentebb meghat\u00e1rozott szem\u00e9lyes adatait adja \u00e1t kezel\u00e9sre LA-IMPEX Kft. r\u00e9sz\u00e9re:<\/p><ul style=\"font-weight: 400;\"><li>n\u00e9v,<\/li><li>c\u00e9gn\u00e9v,<\/li><li>orsz\u00e1g,<\/li><li>e-mail c\u00edm,<\/li><li>webhely c\u00edm.<\/li><\/ul>\t\t\t\t\t\t<\/div>\n\t\t\t\t<\/div>\n\t\t\t\t\t<\/div>\n\t\t<\/div>\n\t\t\t\t\t\t\t<\/div>\n\t\t<\/section>\n\t\t\t\t<section class=\"elementor-section elementor-inner-section elementor-element elementor-element-9ae751a elementor-section-boxed elementor-section-height-default elementor-section-height-default default-style\" data-id=\"9ae751a\" data-element_type=\"section\" data-settings=\"{&quot;rt_color_sets&quot;:&quot;default-style&quot;}\">\n\t\t\t\t\t\t<div class=\"elementor-container elementor-column-gap-default\">\n\t\t\t\t\t<div class=\"elementor-column elementor-col-100 elementor-inner-column elementor-element elementor-element-f190fb1\" data-id=\"f190fb1\" data-element_type=\"column\">\n\t\t\t<div class=\"elementor-widget-wrap elementor-element-populated\">\n\t\t\t\t\t\t\t\t<div class=\"elementor-element elementor-element-89ee2f4 elementor-widget elementor-widget-rt-heading\" data-id=\"89ee2f4\" data-element_type=\"widget\" data-widget_type=\"rt-heading.default\">\n\t\t\t\t<div class=\"elementor-widget-container\">\n\t\t\t<div class=\"rt-heading-wrapper style-2\">\n\t\t\t\t\t\t<H4 class=\"rt-heading style-2\" >5. AZ ADATKEZEL\u00c9S JOGALAPJA, C\u00c9LJA \u00c9S M\u00d3DJA<\/H4>\n\t\t\t\t\t<\/div>\t\t<\/div>\n\t\t\t\t<\/div>\n\t\t\t\t<div class=\"elementor-element elementor-element-1559b87 elementor-widget elementor-widget-text-editor\" data-id=\"1559b87\" data-element_type=\"widget\" data-widget_type=\"text-editor.default\">\n\t\t\t\t<div class=\"elementor-widget-container\">\n\t\t\t\t\t\t\t<p style=\"font-weight: 400;\"><strong>5.1.<\/strong>\u00a0Az adatkezel\u00e9sre a <strong>www.laimpex.com<\/strong> internetes oldalon (a tov\u00e1bbiakban: Weboldal) tal\u00e1lhat\u00f3 internetes tartalmak az \u00c9rintett \u00f6nk\u00e9ntes, megfelel\u0151 t\u00e1j\u00e9koztat\u00e1son alapul\u00f3 nyilatkozata alapj\u00e1n ker\u00fcl sor, amely nyilatkozat tartalmazza az \u00c9rintett kifejezett hozz\u00e1j\u00e1rul\u00e1s\u00e1t ahhoz, hogy az Weboldal haszn\u00e1lata sor\u00e1n k\u00f6z\u00f6lt szem\u00e9lyes adataik felhaszn\u00e1l\u00e1sra ker\u00fcljenek. Az adatkezel\u00e9s jogalapja az inform\u00e1ci\u00f3s \u00f6nrendelkez\u00e9si jogr\u00f3l \u00e9s az inform\u00e1ci\u00f3szabads\u00e1gr\u00f3l sz\u00f3l\u00f3 2011. \u00e9vi CXII. tv. (Infotv.) 5.\u00a7 (1) bek. a) pontja szerint az \u00e9rintett \u00f6nk\u00e9ntes hozz\u00e1j\u00e1rul\u00e1sa alapj\u00e1n, valamint az elektronikus kereskedelmi szolg\u00e1ltat\u00e1sok, valamint az inform\u00e1ci\u00f3s t\u00e1rsadalommal \u00f6sszef\u00fcgg\u0151 szolg\u00e1ltat\u00e1sok egyes k\u00e9rd\u00e9seir\u0151l sz\u00f3l\u00f3 2001. \u00e9vi CVIII. t\u00f6rv\u00e9ny alapj\u00e1n ker\u00fcl sor.<\/p><p style=\"font-weight: 400;\">A hozz\u00e1j\u00e1rul\u00e1st az \u00c9rintett az egyes adatkezel\u00e9sek tekintet\u00e9ben a Weboldal haszn\u00e1lat\u00e1val, a regisztr\u00e1ci\u00f3val, illetve a k\u00e9rd\u00e9ses adatok \u00f6nk\u00e9ntes megad\u00e1s\u00e1val adja meg.<\/p><p style=\"font-weight: 400;\"><strong>5.2.<\/strong>\u00a0Az adatkezel\u00e9s c\u00e9lja a Weboldalon el\u00e9rhet\u0151 szolg\u00e1ltat\u00e1sok ny\u00fajt\u00e1s\u00e1nak biztos\u00edt\u00e1sa. A Szolg\u00e1ltat\u00f3 az \u00c9rintett \u00e1ltal rendelkez\u00e9sre bocs\u00e1tott adatokat c\u00e9lhoz k\u00f6t\u00f6tten, kiz\u00e1r\u00f3lag a megrendel\u00e9s teljes\u00edt\u00e9se, sz\u00e1ml\u00e1z\u00e1s lehet\u0151v\u00e9 t\u00e9tele, kapcsolattart\u00e1s, illetve ha az \u00c9rintett feliratkozott h\u00edrlev\u00e9lre, akkor h\u00edrlev\u00e9l k\u00fcld\u00e9s \u00e9s az esetlegesen l\u00e9trej\u00f6v\u0151 szerz\u0151d\u00e9s felt\u00e9teleinek k\u00e9s\u0151bbi bizony\u00edt\u00e1sa \u00e9rdek\u00e9ben.<\/p><p style=\"font-weight: 400;\"><strong>5.3.<\/strong>\u00a0Az automatikusan r\u00f6gz\u00edt\u00e9sre ker\u00fcl\u0151 adatok c\u00e9lja statisztikak\u00e9sz\u00edt\u00e9s, az informatikai rendszer technikai fejleszt\u00e9se, az \u00c9rintett jogainak v\u00e9delme.<\/p><p style=\"font-weight: 400;\"><strong>5.4.<\/strong>\u00a0A Szolg\u00e1ltat\u00f3 a megadott szem\u00e9lyes adatokat az e pontokban \u00edrt c\u00e9lokt\u00f3l elt\u00e9r\u0151 c\u00e9lokra nem haszn\u00e1lja, illetve haszn\u00e1lhatja fel. Szem\u00e9lyes adatok harmadik szem\u00e9lynek vagy hat\u00f3s\u00e1gok sz\u00e1m\u00e1ra t\u00f6rt\u00e9n\u0151 kiad\u00e1sa &#8211; hacsak t\u00f6rv\u00e9ny ett\u0151l elt\u00e9r\u0151en nem rendelkezik k\u00f6telez\u0151 er\u0151vel &#8211; az \u00c9rintett el\u0151zetes, kifejezett hozz\u00e1j\u00e1rul\u00e1sa eset\u00e9n lehets\u00e9ges kiz\u00e1r\u00f3lag.<\/p><p style=\"font-weight: 400;\"><strong>5.5.\u00a0<\/strong>Szolg\u00e1ltat\u00f3 a neki megadott szem\u00e9lyes adatokat nem ellen\u0151rzi. A megadott adatok megfelel\u0151ss\u00e9g\u00e9\u00e9rt kiz\u00e1r\u00f3lag az azt megad\u00f3 szem\u00e9ly felel. B\u00e1rmely \u00c9rintett e-mail c\u00edm\u00e9nek megad\u00e1sakor egyben felel\u0151ss\u00e9get v\u00e1llal az\u00e9rt, hogy a megadott e-mail c\u00edmr\u0151l kiz\u00e1r\u00f3lag \u0151 vesz ig\u00e9nybe szolg\u00e1ltat\u00e1st. E felel\u0151ss\u00e9gv\u00e1llal\u00e1sra tekintettel egy megadott e-mail c\u00edmen t\u00f6rt\u00e9nt bel\u00e9p\u00e9sekkel \u00f6sszef\u00fcgg\u0151 mindennem\u0171 felel\u0151ss\u00e9g kiz\u00e1r\u00f3lag azt az \u00c9rintett terheli, aki az e-mail c\u00edmet regisztr\u00e1lta.<\/p>\t\t\t\t\t\t<\/div>\n\t\t\t\t<\/div>\n\t\t\t\t\t<\/div>\n\t\t<\/div>\n\t\t\t\t\t\t\t<\/div>\n\t\t<\/section>\n\t\t\t\t<section class=\"elementor-section elementor-inner-section elementor-element elementor-element-1964be1 elementor-section-boxed elementor-section-height-default elementor-section-height-default default-style\" data-id=\"1964be1\" data-element_type=\"section\" data-settings=\"{&quot;rt_color_sets&quot;:&quot;default-style&quot;}\">\n\t\t\t\t\t\t<div class=\"elementor-container elementor-column-gap-default\">\n\t\t\t\t\t<div class=\"elementor-column elementor-col-100 elementor-inner-column elementor-element elementor-element-2678e4f\" data-id=\"2678e4f\" data-element_type=\"column\">\n\t\t\t<div class=\"elementor-widget-wrap elementor-element-populated\">\n\t\t\t\t\t\t\t\t<div class=\"elementor-element elementor-element-14ca95f elementor-widget elementor-widget-rt-heading\" data-id=\"14ca95f\" data-element_type=\"widget\" data-widget_type=\"rt-heading.default\">\n\t\t\t\t<div class=\"elementor-widget-container\">\n\t\t\t<div class=\"rt-heading-wrapper style-2\">\n\t\t\t\t\t\t<H4 class=\"rt-heading style-2\" >6. AZ ADATKEZEL\u00c9S ID\u0150TARTAMA<\/H4>\n\t\t\t\t\t<\/div>\t\t<\/div>\n\t\t\t\t<\/div>\n\t\t\t\t<div class=\"elementor-element elementor-element-6e114b9 elementor-widget elementor-widget-text-editor\" data-id=\"6e114b9\" data-element_type=\"widget\" data-widget_type=\"text-editor.default\">\n\t\t\t\t<div class=\"elementor-widget-container\">\n\t\t\t\t\t\t\t<p style=\"font-weight: 400;\"><strong>6.1.<\/strong>\u00a0A megrendel\u00e9s, regisztr\u00e1ci\u00f3 sor\u00e1n megadott szem\u00e9lyes adatok kezel\u00e9se a megrendel\u00e9ssel, regisztr\u00e1ci\u00f3val kezd\u0151dik \u00e9s annak k\u00e9relemre t\u00f6rt\u00e9n\u0151 t\u00f6rl\u00e9s\u00e9ig tart. Nem k\u00f6telez\u0151 adatok eset\u00e9n az adatkezel\u00e9s az adat megad\u00e1s\u00e1nak id\u0151pontj\u00e1t\u00f3l a k\u00e9rd\u00e9ses adat k\u00e9relemre t\u00f6rt\u00e9n\u0151 t\u00f6rl\u00e9s\u00e9ig tart. A szem\u00e9lyes adatok \u00c9rintett \u00e1ltali t\u00f6rl\u00e9s\u00e9re az \u00c1ltal\u00e1nos Szerz\u0151d\u00e9si Felt\u00e9telekben (a tov\u00e1bbiakban: \u00c1SZF) r\u00f6gz\u00edtett esetben \u00e9s m\u00f3don ker\u00fclhet sor. A szem\u00e9lyes adatok t\u00f6rl\u00e9s\u00e9re, az erre ir\u00e1nyul\u00f3 k\u00e9r\u00e9s be\u00e9rkez\u00e9s\u00e9t\u0151l sz\u00e1m\u00edtott 10 munkanapon bel\u00fcl ker\u00fcl sor.<\/p><p style=\"font-weight: 400;\"><strong>6.2.<\/strong>\u00a0A rendszer m\u0171k\u00f6d\u00e9se sor\u00e1n automatikusan, technikailag r\u00f6gz\u00edt\u00e9sre ker\u00fcl\u0151 adatok a gener\u00e1l\u00f3d\u00e1sukt\u00f3l sz\u00e1m\u00edtva a rendszer m\u0171k\u00f6d\u00e9s\u00e9nek biztos\u00edt\u00e1sa szempontj\u00e1b\u00f3l indokolt id\u0151tartamig ker\u00fclnek t\u00e1rol\u00e1sra a rendszerben. A T\u00e1rsas\u00e1g biztos\u00edtja, hogy ezen, automatikusan r\u00f6gz\u00edtett adatok egy\u00e9b felhaszn\u00e1l\u00f3i Szem\u00e9lyes adatokkal \u2013 a t\u00f6rv\u00e9ny \u00e1ltal k\u00f6telez\u0151v\u00e9 tett esetek kiv\u00e9tel\u00e9vel \u2013 \u00f6ssze nem kapcsolhat\u00f3k. Ha a Felhaszn\u00e1l\u00f3 Szem\u00e9lyes adatainak kezel\u00e9s\u00e9hez adott hozz\u00e1j\u00e1rul\u00e1s\u00e1t megsz\u00fcntette, vagy a szolg\u00e1ltat\u00e1sr\u00f3l leiratkozott, \u00fagy ezt k\u00f6vet\u0151en a technikai adatokr\u00f3l az \u0151 szem\u00e9lye nem lesz beazonos\u00edthat\u00f3.<\/p><p style=\"font-weight: 400;\"><strong>6.3.<\/strong>\u00a0Fenti rendelkez\u00e9sek nem \u00e9rintik a jogszab\u00e1lyban (pl. sz\u00e1mviteli jogszab\u00e1lyokban) meghat\u00e1rozott meg\u0151rz\u00e9si k\u00f6telezetts\u00e9gek teljes\u00edt\u00e9s\u00e9t, valamint a Weboldalon t\u00f6rt\u00e9n\u0151 regisztr\u00e1ci\u00f3 sor\u00e1n vagy egy\u00e9b m\u00f3don adott tov\u00e1bbi hozz\u00e1j\u00e1rul\u00e1sok alapj\u00e1n t\u00f6rt\u00e9n\u0151 adatkezel\u00e9seket.<\/p><p style=\"font-weight: 400;\"><strong>6.4.<\/strong>\u00a0H\u00edrlev\u00e9l eset\u00e9n a szem\u00e9lyes adatok kezel\u00e9se a h\u00edrlev\u00e9lr\u0151l, a 9.4. pontban meghat\u00e1rozott m\u00f3don t\u00f6rt\u00e9n\u0151 leiratkoz\u00e1sig tart.<\/p>\t\t\t\t\t\t<\/div>\n\t\t\t\t<\/div>\n\t\t\t\t\t<\/div>\n\t\t<\/div>\n\t\t\t\t\t\t\t<\/div>\n\t\t<\/section>\n\t\t\t\t<section class=\"elementor-section elementor-inner-section elementor-element elementor-element-208e091 elementor-section-boxed elementor-section-height-default elementor-section-height-default default-style\" data-id=\"208e091\" data-element_type=\"section\" data-settings=\"{&quot;rt_color_sets&quot;:&quot;default-style&quot;}\">\n\t\t\t\t\t\t<div class=\"elementor-container elementor-column-gap-default\">\n\t\t\t\t\t<div class=\"elementor-column elementor-col-100 elementor-inner-column elementor-element elementor-element-40e825d\" data-id=\"40e825d\" data-element_type=\"column\">\n\t\t\t<div class=\"elementor-widget-wrap elementor-element-populated\">\n\t\t\t\t\t\t\t\t<div class=\"elementor-element elementor-element-952dc2a elementor-widget elementor-widget-rt-heading\" data-id=\"952dc2a\" data-element_type=\"widget\" data-widget_type=\"rt-heading.default\">\n\t\t\t\t<div class=\"elementor-widget-container\">\n\t\t\t<div class=\"rt-heading-wrapper style-2\">\n\t\t\t\t\t\t<H4 class=\"rt-heading style-2\" >7. AZ ADATOKAT MEGISMER\u0150 SZEM\u00c9LYEK K\u00d6RE, ADATTOV\u00c1BB\u00cdT\u00c1S, ADATFELDOLGOZ\u00c1S<\/H4>\n\t\t\t\t\t<\/div>\t\t<\/div>\n\t\t\t\t<\/div>\n\t\t\t\t<div class=\"elementor-element elementor-element-461c877 elementor-widget elementor-widget-text-editor\" data-id=\"461c877\" data-element_type=\"widget\" data-widget_type=\"text-editor.default\">\n\t\t\t\t<div class=\"elementor-widget-container\">\n\t\t\t\t\t\t\t<p style=\"font-weight: 400;\"><strong>7.1.<\/strong>\u00a0Az adatokat els\u0151dlegesen Szolg\u00e1ltat\u00f3 illetve Szolg\u00e1ltat\u00f3 bels\u0151 munkat\u00e1rsai jogosultak megismerni, azonban azokat nem teszik k\u00f6zz\u00e9, harmadik szem\u00e9lyek r\u00e9sz\u00e9re nem adj\u00e1k \u00e1t.<\/p><p style=\"font-weight: 400;\"><strong>7.2.<\/strong>\u00a0Az alapul fekv\u0151 informatikai rendszer \u00fczemeltet\u00e9se, a megrendel\u00e9sek teljes\u00edt\u00e9se, az elsz\u00e1mol\u00e1s rendez\u00e9se k\u00f6r\u00e9ben Szolg\u00e1ltat\u00f3 adatfeldolgoz\u00f3t (pl. rendszer\u00fczemeltet\u0151, k\u00f6nyvel\u0151) vehet ig\u00e9nybe.\u00a0<\/p><p style=\"font-weight: 400;\"><strong>Adatfeldolgoz\u00f3k megnevez\u00e9se:<\/strong><\/p><p style=\"font-weight: 400;\">Websupport Magyarorsz\u00e1g Kft. 1119 Budapest, Feh\u00e9rv\u00e1ri \u00fat 97-99. (domain \u00e9s t\u00e1rhely szolg\u00e1ltat\u00e1s)<\/p><p style=\"font-weight: 400;\">Domin\u00f3 5\/1 Kft.,\u00a02000 Szentendre, Anna utca 18., (k\u00f6nyvel\u00e9s)<\/p><p style=\"font-weight: 400;\">NeoSoft Informatikai Szolg\u00e1ltat\u00f3 Kft, <strong>8000 Sz\u00e9kesfeh\u00e9rv\u00e1r, T\u00e1v\u00edrda utca 2\/A (<\/strong>email marketing, h\u00edrlev\u00e9l szolg\u00e1ltat\u00e1s)<\/p><p style=\"font-weight: 400;\">\u00a0<\/p><p style=\"font-weight: 400;\">\u00a0<strong>7.3.<\/strong>\u00a0A LA-IMPEX Kft. az \u00c9rintettek szem\u00e9lyes adatait nyomon k\u00f6vethet\u0151 m\u00f3don \u00e9s a jogszab\u00e1lyoknak megfelel\u0151en kezeli. A fentieken t\u00fal a szem\u00e9lyes adatokat harmadik szem\u00e9lyeknek csak \u00e9s kiz\u00e1r\u00f3lag az \u00c9rintett hozz\u00e1j\u00e1rul\u00e1sa eset\u00e9n tov\u00e1bb\u00edtjuk, \u00e9s csak hat\u00f3s\u00e1gi megkeres\u00e9sek eset\u00e9n adjuk ki.<\/p>\t\t\t\t\t\t<\/div>\n\t\t\t\t<\/div>\n\t\t\t\t\t<\/div>\n\t\t<\/div>\n\t\t\t\t\t\t\t<\/div>\n\t\t<\/section>\n\t\t\t\t<section class=\"elementor-section elementor-inner-section elementor-element elementor-element-f196173 elementor-section-boxed elementor-section-height-default elementor-section-height-default default-style\" data-id=\"f196173\" data-element_type=\"section\" data-settings=\"{&quot;rt_color_sets&quot;:&quot;default-style&quot;}\">\n\t\t\t\t\t\t<div class=\"elementor-container elementor-column-gap-default\">\n\t\t\t\t\t<div class=\"elementor-column elementor-col-100 elementor-inner-column elementor-element elementor-element-a26ad29\" data-id=\"a26ad29\" data-element_type=\"column\">\n\t\t\t<div class=\"elementor-widget-wrap elementor-element-populated\">\n\t\t\t\t\t\t\t\t<div class=\"elementor-element elementor-element-1bda0d8 elementor-widget elementor-widget-rt-heading\" data-id=\"1bda0d8\" data-element_type=\"widget\" data-widget_type=\"rt-heading.default\">\n\t\t\t\t<div class=\"elementor-widget-container\">\n\t\t\t<div class=\"rt-heading-wrapper style-2\">\n\t\t\t\t\t\t<H4 class=\"rt-heading style-2\" >8. \u00c9RINTETT JOGAI \u00c9S JOG\u00c9RV\u00c9NYES\u00cdT\u00c9SI LEHET\u0150S\u00c9GEK<\/H4>\n\t\t\t\t\t<\/div>\t\t<\/div>\n\t\t\t\t<\/div>\n\t\t\t\t<div class=\"elementor-element elementor-element-436f2ad elementor-widget elementor-widget-text-editor\" data-id=\"436f2ad\" data-element_type=\"widget\" data-widget_type=\"text-editor.default\">\n\t\t\t\t<div class=\"elementor-widget-container\">\n\t\t\t\t\t\t\t<p style=\"font-weight: 400;\"><strong>8.1.<\/strong>\u00a0Az \u00c9rintett b\u00e1rmikor jogosult t\u00e1j\u00e9koztat\u00e1st k\u00e9rni a Szolg\u00e1ltat\u00f3 \u00e1ltal kezelt, r\u00e1 vonatkoz\u00f3 szem\u00e9lyes adatokr\u00f3l, tov\u00e1bb\u00e1 b\u00e1rmikor m\u00f3dos\u00edthatja azokat az \u00c1SZF-ben meghat\u00e1rozott m\u00f3don.<\/p><p style=\"font-weight: 400;\"><strong>8.2.<\/strong>\u00a0Szolg\u00e1ltat\u00f3 az \u00c9rintett k\u00e9r\u00e9s\u00e9re t\u00e1j\u00e9koztat\u00e1st ad a r\u00e1 vonatkoz\u00f3, \u00e1ltala kezelt adatokr\u00f3l, az \u00e1ltala vagy rendelkez\u00e9se szerint megb\u00edzott adatfeldolgoz\u00f3 \u00e1ltal feldolgozott adatair\u00f3l, azok forr\u00e1s\u00e1r\u00f3l, az adatkezel\u00e9s c\u00e9lj\u00e1r\u00f3l, jogalapj\u00e1r\u00f3l, id\u0151tartam\u00e1r\u00f3l, tov\u00e1bb\u00e1 az adatfeldolgoz\u00f3 nev\u00e9r\u0151l, c\u00edm\u00e9r\u0151l \u00e9s az adatkezel\u00e9ssel \u00f6sszef\u00fcgg\u0151 tev\u00e9kenys\u00e9g\u00e9r\u0151l, az adatv\u00e9delmi incidens k\u00f6r\u00fclm\u00e9nyeir\u0151l, hat\u00e1sair\u00f3l \u00e9s az elh\u00e1r\u00edt\u00e1s\u00e1ra megtett int\u00e9zked\u00e9sekr\u0151l, tov\u00e1bb\u00e1 &#8211; az \u00c9rintett szem\u00e9lyes adatainak tov\u00e1bb\u00edt\u00e1sa eset\u00e9n &#8211; az adattov\u00e1bb\u00edt\u00e1s jogalapj\u00e1r\u00f3l \u00e9s c\u00edmzettj\u00e9r\u0151l. Szolg\u00e1ltat\u00f3 a k\u00e9relem beny\u00fajt\u00e1s\u00e1t\u00f3l sz\u00e1m\u00edtott 30 napon bel\u00fcl \u00edr\u00e1sban adja meg a k\u00e9rt t\u00e1j\u00e9koztat\u00e1st.<\/p><p style=\"font-weight: 400;\">A Szolg\u00e1ltat\u00f3 &#8211; ha bels\u0151 adatv\u00e9delmi felel\u0151ssel rendelkezik, a bels\u0151 adatv\u00e9delmi felel\u0151s \u00fatj\u00e1n &#8211; az adatv\u00e9delmi incidenssel kapcsolatos int\u00e9zked\u00e9sek ellen\u0151rz\u00e9se, valamint az \u00c9rintett t\u00e1j\u00e9koztat\u00e1sa c\u00e9lj\u00e1b\u00f3l nyilv\u00e1ntart\u00e1st vezet, amely tartalmazza az \u00c9rintett szem\u00e9lyes adatok k\u00f6r\u00e9t, az adatv\u00e9delmi incidenssel \u00c9rintettek k\u00f6r\u00e9t \u00e9s sz\u00e1m\u00e1t, az adatv\u00e9delmi incidens id\u0151pontj\u00e1t, k\u00f6r\u00fclm\u00e9nyeit, hat\u00e1sait \u00e9s az elh\u00e1r\u00edt\u00e1s\u00e1ra megtett int\u00e9zked\u00e9seket, valamint az adatkezel\u00e9st el\u0151\u00edr\u00f3 jogszab\u00e1lyban meghat\u00e1rozott egy\u00e9b adatokat.\u00a0<\/p><p style=\"font-weight: 400;\"><strong>8.3.<\/strong>\u00a0Az \u00e9rintett a jogait az al\u00e1bbi el\u00e9rhet\u0151s\u00e9geken gyakorolhatja:<\/p><p style=\"font-weight: 400;\"><strong>Levelez\u00e9si c\u00edm:<\/strong>\u00a0 LA-IMPEX Kft. 2000 Szentendre, D\u00f3zsa Gy\u00f6rgy \u00fat 47.<br \/><strong>E-mailes \u00fcgyf\u00e9lszolg\u00e1lat:<\/strong>\u00a0 info\u00a0[kukac]\u00a0la-impex.hu<\/p><p style=\"font-weight: 400;\">Az \u00c9rintett b\u00e1rmely, az adatkezel\u00e9ssel kapcsolatos k\u00e9rd\u00e9ssel, illetve \u00e9szrev\u00e9tellel a Szolg\u00e1ltat\u00f3 munkat\u00e1rs\u00e1hoz fordulhat a 8.3. pontban felt\u00fcntetett el\u00e9rhet\u0151s\u00e9geken kereszt\u00fcl.<\/p><p style=\"font-weight: 400;\"><strong>8.4.<\/strong>\u00a0Az \u00c9rintett b\u00e1rmikor jogosult a helytelen\u00fcl r\u00f6gz\u00edtett adatainak helyesb\u00edt\u00e9s\u00e9t vagy azok t\u00f6rl\u00e9s\u00e9t k\u00e9rni. Egyes adatait az \u00c9rintett a Weboldalon maga helyesb\u00edtheti; egy\u00e9b esetekben Szolg\u00e1ltat\u00f3 a k\u00e9relem be\u00e9rkez\u00e9s\u00e9t\u0151l sz\u00e1m\u00edtott 10 munkanapon bel\u00fcl t\u00f6rli az adatokat, ez esetben azok nem lesznek \u00fajra helyre\u00e1ll\u00edthat\u00f3k. A t\u00f6rl\u00e9s nem vonatkozik a jogszab\u00e1ly (pl. sz\u00e1mviteli szab\u00e1lyoz\u00e1s) alapj\u00e1n sz\u00fcks\u00e9ges adatkezel\u00e9sekre, azokat Szolg\u00e1ltat\u00f3 a sz\u00fcks\u00e9ges id\u0151tartamig meg\u0151rzi.<\/p><p style=\"font-weight: 400;\"><strong>8.5.<\/strong>\u00a0Az \u00c9rintett k\u00e9rheti tov\u00e1bb\u00e1, adatainak z\u00e1rol\u00e1s\u00e1t. A Szolg\u00e1ltat\u00f3 z\u00e1rolja a szem\u00e9lyes adatot, ha az \u00e9rintett ezt k\u00e9ri, vagy ha a rendelkez\u00e9s\u00e9re \u00e1ll\u00f3 inform\u00e1ci\u00f3k alapj\u00e1n felt\u00e9telezhet\u0151, hogy a t\u00f6rl\u00e9s s\u00e9rten\u00e9 az \u00c9rintett jogos \u00e9rdekeit. Az \u00edgy z\u00e1rolt szem\u00e9lyes adat kiz\u00e1r\u00f3lag addig kezelhet\u0151, ameddig fenn\u00e1ll az adatkezel\u00e9si c\u00e9l, amely a szem\u00e9lyes adat t\u00f6rl\u00e9s\u00e9t kiz\u00e1rta.\u00a0<\/p><p style=\"font-weight: 400;\">A helyesb\u00edt\u00e9sr\u0151l, a z\u00e1rol\u00e1sr\u00f3l \u00e9s a t\u00f6rl\u00e9sr\u0151l az \u00c9rintettet, tov\u00e1bb\u00e1 mindazokat \u00e9rtes\u00edteni kell, akiknek kor\u00e1bban az adatot adatkezel\u00e9s c\u00e9lj\u00e1ra tov\u00e1bb\u00edtott\u00e1k. Az \u00e9rtes\u00edt\u00e9s mell\u0151zhet\u0151, ha ez az adatkezel\u00e9s c\u00e9lj\u00e1ra val\u00f3 tekintettel az \u00c9rintett jogos \u00e9rdek\u00e9t nem s\u00e9rti.<\/p><p style=\"font-weight: 400;\">Ha a Szolg\u00e1ltat\u00f3 az \u00c9rintett helyesb\u00edt\u00e9s, z\u00e1rol\u00e1s vagy t\u00f6rl\u00e9s ir\u00e1nti k\u00e9relm\u00e9t nem teljes\u00edti, a k\u00e9relem k\u00e9zhezv\u00e9tel\u00e9t k\u00f6vet\u0151 30 napon bel\u00fcl \u00edr\u00e1sban k\u00f6zli a helyesb\u00edt\u00e9s, z\u00e1rol\u00e1s vagy t\u00f6rl\u00e9s ir\u00e1nti k\u00e9relem elutas\u00edt\u00e1s\u00e1nak t\u00e9nybeli \u00e9s jogi indokait.<\/p><p style=\"font-weight: 400;\">Az \u00c9rintett tiltakozhat szem\u00e9lyes adat\u00e1nak kezel\u00e9se ellen. Szolg\u00e1ltat\u00f3 a tiltakoz\u00e1st a k\u00e9relem beny\u00fajt\u00e1s\u00e1t\u00f3l sz\u00e1m\u00edtott legr\u00f6videbb id\u0151n bel\u00fcl, de legfeljebb 15 nap alatt megvizsg\u00e1lja, annak megalapozotts\u00e1ga k\u00e9rd\u00e9s\u00e9ben d\u00f6nt\u00e9st hoz, \u00e9s d\u00f6nt\u00e9s\u00e9r\u0151l a k\u00e9relmez\u0151t \u00edr\u00e1sban t\u00e1j\u00e9koztatja.\u00a0<\/p><p style=\"font-weight: 400;\"><strong>8.6.<\/strong>\u00a0Az \u00c9rintett az Info.tv., valamint a Polg\u00e1ri T\u00f6rv\u00e9nyk\u00f6nyv (2013. \u00e9vi V. t\u00f6rv\u00e9ny) alapj\u00e1n<\/p><ul style=\"font-weight: 400;\"><li>Nemzeti Adatv\u00e9delmi \u00e9s Inform\u00e1ci\u00f3szabads\u00e1g Hat\u00f3s\u00e1ghoz (<a href=\"http:\/\/www.naih.hu\/\">www.naih.hu<\/a>) fordulhat<br \/>1125 Budapest, Szil\u00e1gyi Erzs\u00e9bet fasor 22\/C.<br \/>Levelez\u00e9si c\u00edm: 1530 Budapest, Postafi\u00f3k: 5.<br \/>Telefon: +36 -1-391-1400, Fax: +36-1-391-1410<br \/>E-mail: ugyfelszolgalat@naih.huvagy<\/li><li>B\u00edr\u00f3s\u00e1g el\u0151tt \u00e9rv\u00e9nyes\u00edtheti jogait.<\/li><\/ul><p style=\"font-weight: 400;\"><strong>8.7.<\/strong>\u00a0Amennyiben az \u00c9rintett szolg\u00e1ltat\u00e1s ig\u00e9nybev\u00e9tel\u00e9hez a regisztr\u00e1ci\u00f3 sor\u00e1n harmadik f\u00e9l adatait adta meg vagy a Weboldal haszn\u00e1lata sor\u00e1n b\u00e1rmilyen m\u00f3don k\u00e1rt okozott, a Szolg\u00e1ltat\u00f3 jogosult az \u00c9rintettel szembeni k\u00e1rt\u00e9r\u00edt\u00e9s \u00e9rv\u00e9nyes\u00edt\u00e9s\u00e9re. A Szolg\u00e1ltat\u00f3 ilyen esetben minden t\u0151le telhet\u0151 seg\u00edts\u00e9get megad az elj\u00e1r\u00f3 hat\u00f3s\u00e1goknak a jogs\u00e9rt\u0151 szem\u00e9ly szem\u00e9lyazonoss\u00e1g\u00e1nak meg\u00e1llap\u00edt\u00e1sa c\u00e9lj\u00e1b\u00f3l.<\/p>\t\t\t\t\t\t<\/div>\n\t\t\t\t<\/div>\n\t\t\t\t\t<\/div>\n\t\t<\/div>\n\t\t\t\t\t\t\t<\/div>\n\t\t<\/section>\n\t\t\t\t<section class=\"elementor-section elementor-inner-section elementor-element elementor-element-9b6e093 elementor-section-boxed elementor-section-height-default elementor-section-height-default default-style\" data-id=\"9b6e093\" data-element_type=\"section\" data-settings=\"{&quot;rt_color_sets&quot;:&quot;default-style&quot;}\">\n\t\t\t\t\t\t<div class=\"elementor-container elementor-column-gap-default\">\n\t\t\t\t\t<div class=\"elementor-column elementor-col-100 elementor-inner-column elementor-element elementor-element-955f1a8\" data-id=\"955f1a8\" data-element_type=\"column\">\n\t\t\t<div class=\"elementor-widget-wrap elementor-element-populated\">\n\t\t\t\t\t\t\t\t<div class=\"elementor-element elementor-element-9bdc2cc elementor-widget elementor-widget-rt-heading\" data-id=\"9bdc2cc\" data-element_type=\"widget\" data-widget_type=\"rt-heading.default\">\n\t\t\t\t<div class=\"elementor-widget-container\">\n\t\t\t<div class=\"rt-heading-wrapper style-2\">\n\t\t\t\t\t\t<H4 class=\"rt-heading style-2\" >9. H\u00cdRLEV\u00c9L, SZEM\u00c9LYRE SZABOTT H\u00cdRLEV\u00c9L<\/H4>\n\t\t\t\t\t<\/div>\t\t<\/div>\n\t\t\t\t<\/div>\n\t\t\t\t<div class=\"elementor-element elementor-element-718bb8f elementor-widget elementor-widget-text-editor\" data-id=\"718bb8f\" data-element_type=\"widget\" data-widget_type=\"text-editor.default\">\n\t\t\t\t<div class=\"elementor-widget-container\">\n\t\t\t\t\t\t\t<p style=\"font-weight: 400;\"><strong>9.1.<\/strong>A Szolg\u00e1ltat\u00f3 kiemelt figyelmet ford\u00edt az \u00e1ltala kezelt elektronikus lev\u00e9lc\u00edmek felhaszn\u00e1l\u00e1snak jogszer\u0171s\u00e9g\u00e9re, \u00edgy azokat csak az al\u00e1bbiakban meghat\u00e1rozott m\u00f3don haszn\u00e1lja fel (t\u00e1j\u00e9koztat\u00f3 vagy rekl\u00e1m) e-mail k\u00fcld\u00e9s\u00e9re.<\/p><p style=\"font-weight: 400;\"><strong>9.2.<\/strong>Az e-mail c\u00edmek kezel\u00e9se els\u0151sorban az \u00c9rintett azonos\u00edt\u00e1s\u00e1t, a megrendel\u00e9sek teljes\u00edt\u00e9se, szolg\u00e1ltat\u00e1sok ig\u00e9nybe v\u00e9tele sor\u00e1n a kapcsolattart\u00e1st szolg\u00e1lja, \u00edgy els\u0151sorban ennek \u00e9rdek\u00e9ben ker\u00fcl sor e-mail k\u00fcld\u00e9s\u00e9re.<\/p><p style=\"font-weight: 400;\"><strong>9.3.<\/strong>A Szolg\u00e1ltat\u00f3 \u00e1ltal ny\u00fajtott szolg\u00e1ltat\u00e1sok vagy az \u00c1SZF v\u00e1ltoz\u00e1sa eset\u00e9n a v\u00e1ltoz\u00e1sokra vonatkoz\u00f3, valamint a Szolg\u00e1ltat\u00f3 egy\u00e9b hasonl\u00f3 szolg\u00e1ltat\u00e1saira vonatkoz\u00f3 t\u00e1j\u00e9koztat\u00e1st a Szolg\u00e1ltat\u00f3 bizonyos esetekben elektronikus form\u00e1ban, e-mailben juttatja el az \u00c9rintettek r\u00e9sz\u00e9re. Az ilyen \u00e9rtes\u00edt\u00e9seket azonban a Szolg\u00e1ltat\u00f3 nem haszn\u00e1lja rekl\u00e1moz\u00e1si c\u00e9lra.<\/p><p style=\"font-weight: 400;\"><strong>9.4. H\u00edrlev\u00e9l<\/strong><\/p><p style=\"font-weight: 400;\">A v\u00e1s\u00e1rl\u00e1s vagy regisztr\u00e1ci\u00f3 sor\u00e1n megadott elektronikus lev\u00e9lc\u00edmekre hirdet\u00e9st vagy rekl\u00e1mot (h\u00edrlev\u00e9l) tartalmaz\u00f3 leveleket a Szolg\u00e1ltat\u00f3 csak az \u00c9rintett kifejezett hozz\u00e1j\u00e1rul\u00e1s\u00e1val, a jogszab\u00e1lyi el\u0151\u00edr\u00e1soknak megfelel\u0151 esetekben \u00e9s m\u00f3don k\u00fcld. A h\u00edrlev\u00e9l direkt marketing elemekkel rendelkezik \u00e9s rekl\u00e1mot tartalmaz. Szolg\u00e1ltat\u00f3 a h\u00edrlev\u00e9l ig\u00e9nybev\u00e9tele sor\u00e1n az \u00c9rintett \u00e1ltal megadott adatokat kezeli.<\/p><p style=\"font-weight: 400;\">H\u00edrlev\u00e9l eset\u00e9ben a Szolg\u00e1ltat\u00f3, mindaddig kezeli az \u00c9rintett h\u00edrlev\u00e9l feliratkoz\u00e1sa sor\u00e1n megadott adatait, ameddig az \u00c9rintett a h\u00edrlev\u00e9lr\u0151l le nem iratkozik, nem k\u00e9ri a lev\u00e9tel\u00e9t a h\u00edrlev\u00e9lre feliratkoz\u00f3k list\u00e1j\u00e1b\u00f3l e-mailben vagy postai \u00faton. Leiratkoz\u00e1s eset\u00e9n a Szolg\u00e1ltat\u00f3 tov\u00e1bbi h\u00edrleveleivel, aj\u00e1nlataival nem keresi meg az \u00c9rintettet. Az \u00c9rintett b\u00e1rmikor ingyenesen leiratkozhat a h\u00edrlev\u00e9lr\u0151l \u00e9s hozz\u00e1j\u00e1rul\u00e1s\u00e1t visszavonhatja.<\/p>\t\t\t\t\t\t<\/div>\n\t\t\t\t<\/div>\n\t\t\t\t\t<\/div>\n\t\t<\/div>\n\t\t\t\t\t\t\t<\/div>\n\t\t<\/section>\n\t\t\t\t<section class=\"elementor-section elementor-inner-section elementor-element elementor-element-a0b7f34 elementor-section-boxed elementor-section-height-default elementor-section-height-default default-style\" data-id=\"a0b7f34\" data-element_type=\"section\" data-settings=\"{&quot;rt_color_sets&quot;:&quot;default-style&quot;}\">\n\t\t\t\t\t\t<div class=\"elementor-container elementor-column-gap-default\">\n\t\t\t\t\t<div class=\"elementor-column elementor-col-100 elementor-inner-column elementor-element elementor-element-322a51d\" data-id=\"322a51d\" data-element_type=\"column\">\n\t\t\t<div class=\"elementor-widget-wrap elementor-element-populated\">\n\t\t\t\t\t\t\t\t<div class=\"elementor-element elementor-element-25baab4 elementor-widget elementor-widget-rt-heading\" data-id=\"25baab4\" data-element_type=\"widget\" data-widget_type=\"rt-heading.default\">\n\t\t\t\t<div class=\"elementor-widget-container\">\n\t\t\t<div class=\"rt-heading-wrapper style-2\">\n\t\t\t\t\t\t<H4 class=\"rt-heading style-2\" >10. EGY\u00c9B RENDELKEZ\u00c9SEK<\/H4>\n\t\t\t\t\t<\/div>\t\t<\/div>\n\t\t\t\t<\/div>\n\t\t\t\t<div class=\"elementor-element elementor-element-db0b77a elementor-widget elementor-widget-text-editor\" data-id=\"db0b77a\" data-element_type=\"widget\" data-widget_type=\"text-editor.default\">\n\t\t\t\t<div class=\"elementor-widget-container\">\n\t\t\t\t\t\t\t<p style=\"font-weight: 400;\"><strong>10.1.<\/strong>\u00a0Szolg\u00e1ltat\u00f3 k\u00f6telezi mag\u00e1t, hogy gondoskodik az adatok biztons\u00e1g\u00e1r\u00f3l, megteszi tov\u00e1bb\u00e1 azokat a technikai int\u00e9zked\u00e9seket, amelyek biztos\u00edtj\u00e1k, hogy a felvett, t\u00e1rolt, illetve kezelt adatok v\u00e9dettek legyenek, illet\u0151leg mindent megtesz annak \u00e9rdek\u00e9ben, hogy megakad\u00e1lyozza azok megsemmis\u00fcl\u00e9s\u00e9t, jogosulatlan felhaszn\u00e1l\u00e1s\u00e1t \u00e9s jogosulatlan megv\u00e1ltoztat\u00e1s\u00e1t. K\u00f6telezi mag\u00e1t arra is, hogy minden olyan harmadik felet, akiknek az adatokat esetlegesen tov\u00e1bb\u00edtja vagy \u00e1tadja, ugyancsak felh\u00edvja ez ir\u00e1ny\u00fa k\u00f6telezetts\u00e9geinek teljes\u00edt\u00e9s\u00e9re.<\/p><p style=\"font-weight: 400;\"><strong>10.2.\u00a0<\/strong>Szolg\u00e1ltat\u00f3 fenntartja a jogot, hogy jelen Szab\u00e1lyzatot egyoldal\u00faan b\u00e1rmikor m\u00f3dos\u00edtsa. A m\u00f3dos\u00edt\u00e1s hat\u00e1lyba l\u00e9p\u00e9s\u00e9t k\u00f6vet\u0151en valamennyi Felhaszn\u00e1l\u00f3t megfelel\u0151 m\u00f3don (h\u00edrlev\u00e9lben, bel\u00e9p\u00e9skor felugr\u00f3 ablakban) t\u00e1j\u00e9koztatni kell. A szolg\u00e1ltat\u00e1s tov\u00e1bbi felhaszn\u00e1l\u00e1s\u00e1val a Felhaszn\u00e1l\u00f3k a megv\u00e1ltozott adatkezel\u00e9si szab\u00e1lyokat tudom\u00e1sul veszik, ezen t\u00falmen\u0151 beleegyez\u00e9s\u00fck kik\u00e9r\u00e9s\u00e9re nincs sz\u00fcks\u00e9g.<\/p>\t\t\t\t\t\t<\/div>\n\t\t\t\t<\/div>\n\t\t\t\t\t<\/div>\n\t\t<\/div>\n\t\t\t\t\t\t\t<\/div>\n\t\t<\/section>\n\t\t\t\t<section class=\"elementor-section elementor-inner-section elementor-element elementor-element-c89072a elementor-section-boxed elementor-section-height-default elementor-section-height-default default-style\" data-id=\"c89072a\" data-element_type=\"section\" data-settings=\"{&quot;rt_color_sets&quot;:&quot;default-style&quot;}\">\n\t\t\t\t\t\t<div class=\"elementor-container elementor-column-gap-default\">\n\t\t\t\t\t<div class=\"elementor-column elementor-col-100 elementor-inner-column elementor-element elementor-element-9083338\" data-id=\"9083338\" data-element_type=\"column\">\n\t\t\t<div class=\"elementor-widget-wrap elementor-element-populated\">\n\t\t\t\t\t\t\t\t<div class=\"elementor-element elementor-element-298db9c elementor-widget elementor-widget-rt-heading\" data-id=\"298db9c\" data-element_type=\"widget\" data-widget_type=\"rt-heading.default\">\n\t\t\t\t<div class=\"elementor-widget-container\">\n\t\t\t<div class=\"rt-heading-wrapper style-2\">\n\t\t\t\t\t\t<H4 class=\"rt-heading style-2\" >11. JOG\u00c9RV\u00c9NYES\u00cdT\u00c9SI LEHET\u0150S\u00c9G<\/H4>\n\t\t\t\t\t<\/div>\t\t<\/div>\n\t\t\t\t<\/div>\n\t\t\t\t<div class=\"elementor-element elementor-element-cb5209b elementor-widget elementor-widget-text-editor\" data-id=\"cb5209b\" data-element_type=\"widget\" data-widget_type=\"text-editor.default\">\n\t\t\t\t<div class=\"elementor-widget-container\">\n\t\t\t\t\t\t\t<p style=\"font-weight: 400;\">11.1 A Felhaszn\u00e1l\u00f3 jog\u00e9rv\u00e9nyes\u00edti lehet\u0151s\u00e9geit az Infotv., valamint 2013. \u00e9vi V. tv. (Ptk.) alapj\u00e1n b\u00edr\u00f3s\u00e1g el\u0151tt gyakorolhatja, tov\u00e1bb\u00e1 b\u00e1rmilyen szem\u00e9lyes adattal kapcsolatos k\u00e9rd\u00e9sben k\u00e9rheti a Nemzeti Adatv\u00e9delmi \u00e9s Inform\u00e1ci\u00f3szabads\u00e1g Hat\u00f3s\u00e1g seg\u00edts\u00e9g\u00e9t is (1125 Budapest Szil\u00e1gyi Erzs\u00e9bet fasor 22\/C; postac\u00edm: 1530 Budapest, Pf. 5.). B\u00e1rmilyen Adatkezel\u00e9ssel kapcsolatos k\u00e9rd\u00e9ssel, \u00e9szrev\u00e9tellel ezen t\u00falmen\u0151en kereshet\u0151k az Adatkezel\u0151 munkat\u00e1rsai is az info\u00a0[kukac]\u00a0la-impex.hu e-mail c\u00edmen.<\/p><p style=\"font-weight: 400;\">\u00a0<\/p><p style=\"font-weight: 400;\">Szentendre, 2024. \u00e1prilis 25.<\/p>\t\t\t\t\t\t<\/div>\n\t\t\t\t<\/div>\n\t\t\t\t\t<\/div>\n\t\t<\/div>\n\t\t\t\t\t\t\t<\/div>\n\t\t<\/section>\n\t\t\t\t<div class=\"elementor-element elementor-element-91dea5c elementor-widget-divider--view-line elementor-widget elementor-widget-divider\" data-id=\"91dea5c\" data-element_type=\"widget\" data-widget_type=\"divider.default\">\n\t\t\t\t<div class=\"elementor-widget-container\">\n\t\t\t<style>\/*! elementor - v3.5.6 - 28-02-2022 *\/\n.elementor-widget-divider{--divider-border-style:none;--divider-border-width:1px;--divider-color:#2c2c2c;--divider-icon-size:20px;--divider-element-spacing:10px;--divider-pattern-height:24px;--divider-pattern-size:20px;--divider-pattern-url:none;--divider-pattern-repeat:repeat-x}.elementor-widget-divider .elementor-divider{display:-webkit-box;display:-ms-flexbox;display:flex}.elementor-widget-divider .elementor-divider__text{font-size:15px;line-height:1;max-width:95%}.elementor-widget-divider .elementor-divider__element{margin:0 var(--divider-element-spacing);-ms-flex-negative:0;flex-shrink:0}.elementor-widget-divider .elementor-icon{font-size:var(--divider-icon-size)}.elementor-widget-divider .elementor-divider-separator{display:-webkit-box;display:-ms-flexbox;display:flex;margin:0;direction:ltr}.elementor-widget-divider--view-line_icon .elementor-divider-separator,.elementor-widget-divider--view-line_text .elementor-divider-separator{-webkit-box-align:center;-ms-flex-align:center;align-items:center}.elementor-widget-divider--view-line_icon .elementor-divider-separator:after,.elementor-widget-divider--view-line_icon .elementor-divider-separator:before,.elementor-widget-divider--view-line_text .elementor-divider-separator:after,.elementor-widget-divider--view-line_text .elementor-divider-separator:before{display:block;content:\"\";border-bottom:0;-webkit-box-flex:1;-ms-flex-positive:1;flex-grow:1;border-top:var(--divider-border-width) var(--divider-border-style) var(--divider-color)}.elementor-widget-divider--element-align-left .elementor-divider .elementor-divider-separator>.elementor-divider__svg:first-of-type{-webkit-box-flex:0;-ms-flex-positive:0;flex-grow:0;-ms-flex-negative:100;flex-shrink:100}.elementor-widget-divider--element-align-left .elementor-divider-separator:before{content:none}.elementor-widget-divider--element-align-left .elementor-divider__element{margin-left:0}.elementor-widget-divider--element-align-right .elementor-divider .elementor-divider-separator>.elementor-divider__svg:last-of-type{-webkit-box-flex:0;-ms-flex-positive:0;flex-grow:0;-ms-flex-negative:100;flex-shrink:100}.elementor-widget-divider--element-align-right .elementor-divider-separator:after{content:none}.elementor-widget-divider--element-align-right .elementor-divider__element{margin-right:0}.elementor-widget-divider:not(.elementor-widget-divider--view-line_text):not(.elementor-widget-divider--view-line_icon) .elementor-divider-separator{border-top:var(--divider-border-width) var(--divider-border-style) var(--divider-color)}.elementor-widget-divider--separator-type-pattern{--divider-border-style:none}.elementor-widget-divider--separator-type-pattern.elementor-widget-divider--view-line .elementor-divider-separator,.elementor-widget-divider--separator-type-pattern:not(.elementor-widget-divider--view-line) .elementor-divider-separator:after,.elementor-widget-divider--separator-type-pattern:not(.elementor-widget-divider--view-line) .elementor-divider-separator:before,.elementor-widget-divider--separator-type-pattern:not([class*=elementor-widget-divider--view]) .elementor-divider-separator{width:100%;min-height:var(--divider-pattern-height);-webkit-mask-size:var(--divider-pattern-size) 100%;mask-size:var(--divider-pattern-size) 100%;-webkit-mask-repeat:var(--divider-pattern-repeat);mask-repeat:var(--divider-pattern-repeat);background-color:var(--divider-color);-webkit-mask-image:var(--divider-pattern-url);mask-image:var(--divider-pattern-url)}.elementor-widget-divider--no-spacing{--divider-pattern-size:auto}.elementor-widget-divider--bg-round{--divider-pattern-repeat:round}.rtl .elementor-widget-divider .elementor-divider__text{direction:rtl}<\/style>\t\t<div class=\"elementor-divider\">\n\t\t\t<span class=\"elementor-divider-separator\">\n\t\t\t\t\t\t<\/span>\n\t\t<\/div>\n\t\t\t\t<\/div>\n\t\t\t\t<\/div>\n\t\t\t\t<div class=\"elementor-element elementor-element-4aafae9 elementor-widget-divider--view-line elementor-widget elementor-widget-divider\" data-id=\"4aafae9\" data-element_type=\"widget\" data-widget_type=\"divider.default\">\n\t\t\t\t<div class=\"elementor-widget-container\">\n\t\t\t\t\t<div class=\"elementor-divider\">\n\t\t\t<span class=\"elementor-divider-separator\">\n\t\t\t\t\t\t<\/span>\n\t\t<\/div>\n\t\t\t\t<\/div>\n\t\t\t\t<\/div>\n\t\t\t\t\t<\/div>\n\t\t<\/div>\n\t\t\t\t\t\t\t<\/div>\n\t\t<\/section>\n\t\t\t\t\t\t<\/div>\n\t\t\t\t\t<\/div>\n\t\t","protected":false},"excerpt":{"rendered":"<p>Adatkezel\u00e9si t\u00e1j\u00e9koztat\u00f3 1. A SZAB\u00c1LYZAT C\u00c9LJA A jelen Szab\u00e1lyzat r\u00f6gz\u00edti a LA-IMPEX Kft. (sz\u00e9khely: 2000 Szentendre, D\u00f3zsa Gy\u00f6rgy \u00fat 47., c\u00e9gjegyz\u00e9ksz\u00e1m: 13-09-163426, nyilv\u00e1ntart\u00f3 hat\u00f3s\u00e1g: F\u0151v\u00e1rosi B\u00edr\u00f3s\u00e1g mint c\u00e9gb\u00edr\u00f3s\u00e1g, ad\u00f3sz\u00e1m: 24306331-2-13) \u00e1ltal alkalmazott adatv\u00e9delmi \u00e9s adatkezel\u00e9si elveket \u00e9s a LA-IMPEX Kft. adatv\u00e9delmi \u00e9s adatkezel\u00e9si politik\u00e1j\u00e1t. A LA-IMPEX Kft. (a tov\u00e1bbiakban: Szolg\u00e1ltat\u00f3) a www.laimpex.com weboldal (a tov\u00e1bbiakban: [&hellip;]<\/p>\n","protected":false},"author":1,"featured_media":0,"parent":0,"menu_order":0,"comment_status":"closed","ping_status":"closed","template":"","meta":{"footnotes":""},"_links":{"self":[{"href":"https:\/\/laimpex.com\/index.php\/wp-json\/wp\/v2\/pages\/7589"}],"collection":[{"href":"https:\/\/laimpex.com\/index.php\/wp-json\/wp\/v2\/pages"}],"about":[{"href":"https:\/\/laimpex.com\/index.php\/wp-json\/wp\/v2\/types\/page"}],"author":[{"embeddable":true,"href":"https:\/\/laimpex.com\/index.php\/wp-json\/wp\/v2\/users\/1"}],"replies":[{"embeddable":true,"href":"https:\/\/laimpex.com\/index.php\/wp-json\/wp\/v2\/comments?post=7589"}],"version-history":[{"count":6,"href":"https:\/\/laimpex.com\/index.php\/wp-json\/wp\/v2\/pages\/7589\/revisions"}],"predecessor-version":[{"id":7603,"href":"https:\/\/laimpex.com\/index.php\/wp-json\/wp\/v2\/pages\/7589\/revisions\/7603"}],"wp:attachment":[{"href":"https:\/\/laimpex.com\/index.php\/wp-json\/wp\/v2\/media?parent=7589"}],"curies":[{"name":"wp","href":"https:\/\/api.w.org\/{rel}","templated":true}]}}